{"id":1450,"date":"2025-07-03T15:20:00","date_gmt":"2025-07-03T15:20:00","guid":{"rendered":"https:\/\/entelekia.cat\/?page_id=1450"},"modified":"2025-07-03T15:29:05","modified_gmt":"2025-07-03T15:29:05","slug":"avis-legal","status":"publish","type":"page","link":"https:\/\/entelekia.cat\/es\/avis-legal\/","title":{"rendered":"Avis Legal"},"content":{"rendered":"<div data-elementor-type=\"wp-page\" data-elementor-id=\"1450\" class=\"elementor elementor-1450\" data-elementor-post-type=\"page\">\n\t\t\t\t\t\t<section class=\"elementor-section elementor-top-section elementor-element elementor-element-e54abf8 elementor-section-boxed elementor-section-height-default elementor-section-height-default\" data-id=\"e54abf8\" data-element_type=\"section\" data-e-type=\"section\" data-settings=\"{&quot;ekit_has_onepagescroll_dot&quot;:&quot;yes&quot;}\">\n\t\t\t\t\t\t<div class=\"elementor-container elementor-column-gap-default\">\n\t\t\t\t\t<div class=\"elementor-column elementor-col-100 elementor-top-column elementor-element elementor-element-d4db695\" data-id=\"d4db695\" data-element_type=\"column\" data-e-type=\"column\">\n\t\t\t<div class=\"elementor-widget-wrap elementor-element-populated\">\n\t\t\t\t\t\t<div class=\"elementor-element elementor-element-c9115dd elementor-invisible elementor-widget elementor-widget-heading\" data-id=\"c9115dd\" data-element_type=\"widget\" data-e-type=\"widget\" data-settings=\"{&quot;_animation&quot;:&quot;rollIn&quot;,&quot;ekit_we_effect_on&quot;:&quot;none&quot;}\" data-widget_type=\"heading.default\">\n\t\t\t\t<div class=\"elementor-widget-container\">\n\t\t\t\t\t<h1 class=\"elementor-heading-title elementor-size-default\">Avis Legal<\/h1>\t\t\t\t<\/div>\n\t\t\t\t<\/div>\n\t\t\t\t\t<\/div>\n\t\t<\/div>\n\t\t\t\t\t<\/div>\n\t\t<\/section>\n\t\t\t\t<section class=\"elementor-section elementor-top-section elementor-element elementor-element-c2eefb5 elementor-section-boxed elementor-section-height-default elementor-section-height-default\" data-id=\"c2eefb5\" data-element_type=\"section\" data-e-type=\"section\" data-settings=\"{&quot;ekit_has_onepagescroll_dot&quot;:&quot;yes&quot;}\">\n\t\t\t\t\t\t<div class=\"elementor-container elementor-column-gap-default\">\n\t\t\t\t\t<div class=\"elementor-column elementor-col-100 elementor-top-column elementor-element elementor-element-1ddbfe2\" data-id=\"1ddbfe2\" data-element_type=\"column\" data-e-type=\"column\">\n\t\t\t<div class=\"elementor-widget-wrap elementor-element-populated\">\n\t\t\t\t\t\t<div class=\"elementor-element elementor-element-0f966dc elementor-widget elementor-widget-text-editor\" data-id=\"0f966dc\" data-element_type=\"widget\" data-e-type=\"widget\" data-settings=\"{&quot;ekit_we_effect_on&quot;:&quot;none&quot;}\" data-widget_type=\"text-editor.default\">\n\t\t\t\t<div class=\"elementor-widget-container\">\n\t\t\t\t\t\t\t\t\t<p><strong>TITULARITAT DEL LLOC WEB<\/strong><\/p><p>www.Entel\u00e8kia.cat \u00e9s un lloc web el nom de domini del qual es troba registrat i \u00e9s propietat de Entel\u00e8kia, S.L (d\u2019ara endavant Entel\u00e8kia) amb domicili a 08003 Barcelona, amb NIF B62324685.<\/p><p>A www.Entel\u00e8kia.cat s\u2019informa dels serveis oferts en el disseny web i gesti\u00f3 online de negocis.\u00a0<\/p><p>L\u2019acc\u00e9s a www.Entel\u00e8kia.cat \u00e9s gratu\u00eft, i no est\u00e0 prevista la prestaci\u00f3 de serveis de comer\u00e7 i\/o contractaci\u00f3 electr\u00f2nica.<\/p><p>L\u2019\u00fas del lloc web suposa l\u2019acceptaci\u00f3 del contingut en aquest Av\u00eds Legal.<br \/><br \/><\/p><p><strong>OBLIGACIONS DEL USUARI<\/strong><\/p><p>En accedir al lloc www.Entel\u00e8kia.cat, l\u2019usuari es compromet a utilitzar la informaci\u00f3 i els seus continguts de conformitat amb el present Av\u00eds legal, amb la legislaci\u00f3 vigent i amb els bons costums generalment acceptats i l\u2019ordre p\u00fablic, i en particular a :<\/p><ol><li>Actuar lleialment i de bona fe en totes les relacions amb Entel\u00e8kia.<\/li><li>Proporcionar dades vertaderes i exactes durant la seva relaci\u00f3 contractual amb Entel\u00e8kia.<\/li><li>Utilitzar de forma correcta i de conformitat amb la legislaci\u00f3 vigent, la moral o l\u2019ordre p\u00fablic, respectant el present Av\u00eds Legal i, si escau, les Condicions d\u2019\u00das i Contractaci\u00f3 establertes, aix\u00ed com no permetre l\u2019\u00fas per tercers no autoritzats de les eines i serveis prestats.<\/li><li>\u00a0Col\u00b7laborar i posar en coneixement de Entel\u00e8kia aquelles informacions, en especial les de tipus t\u00e8cnic a qu\u00e8 tingui acc\u00e9s en l\u2019exercici de les seves operacions i que poguessin afectar o perjudicar de cap manera la integritat del lloc web www.Entel\u00e8kia.cat, el servei prestat per Entel\u00e8kia, els seus socis, col\u00b7laboradors, prove\u00efdors, altres usuaris o altres tercers, aix\u00ed com a les estipulacions del present Av\u00eds Legal, o, si escau, les Condicions d\u2019\u00das i Contractaci\u00f3.<\/li><li>No cedir el vostre compte d\u2019Usuari ni revendre a tercers els serveis prestats per Entel\u00e8kia.<br \/><br \/><br \/><\/li><\/ol><p><strong>RESPONSABILITAT<\/strong><\/p><p>Entel\u00e8kia, no podr\u00e0 ser considerada responsable dels possibles danys o perjudicis que es derivin del mal funcionament de les xarxes telem\u00e0tiques que faciliten l\u2019acc\u00e9s a www.Entel\u00e8kia.cat, aix\u00ed com tampoc de les possibles interrupcions d\u2019acc\u00e9s, virus, connexions i sistemes operatius d&#8217;acc\u00e9s a la xarxa d&#8217;Internet. Aix\u00ed mateix, Entel\u00e8kia tampoc no podr\u00e0 ser considerada responsable dels possibles danys derivats d\u2019actuacions il\u00b7l\u00edcites i il\u00b7leg\u00edtimes de tercers aliens a Entel\u00e8kia, en la transmissi\u00f3 de dades a trav\u00e9s de les xarxes telem\u00e0tiques.<\/p><p>\u00a0<\/p><p><strong>CONTINGUTS LLOC WEB I ENLLA\u00c7OS A TERCERS<\/strong><\/p><p>La informaci\u00f3 continguda al lloc web pot no estar actualitzada en tot moment, cas en qu\u00e8 Entel\u00e8kia no ser\u00e0 responsable dels possibles danys derivats d\u2019un \u00fas extern i\/o per tercers de la informaci\u00f3 facilitada.<\/p><p>Entel\u00e8kia, es reserva el dret de poder suspendre temporalment l\u2019accessibilitat al lloc web quan sigui necessari, sense necessitat de previ av\u00eds i aix\u00ed poder realitzar les actuacions de manteniment i actualitzaci\u00f3 necess\u00e0ries.<\/p><p>www.Entel\u00e8kia.cat pot contenir enlla\u00e7os i\/o enlla\u00e7os (links) a llocs web externs de tercers el contingut dels quals no \u00e9s atribu\u00efble ni exigible a Entel\u00e8kia, sent responsable el titular de cadascun dels llocs web accedits.<\/p><p>L\u2019establiment de qualsevol hiperenlla\u00e7 des d\u2019un lloc web al de www.Entel\u00e8kia.cat, haur\u00e0 de realitzar-se sempre a la p\u00e0gina principal, i est\u00e0 prohibida la reproducci\u00f3 total i\/o parcial dels serveis continguts a www.Entel\u00e8kia.cat sense pr\u00e8via autoritzaci\u00f3 de Entel\u00e8kia.<\/p><p>\u00a0<\/p><p><strong>PROPIETAT INDUSTRIAL I INTEL\u00b7LECTUAL <\/strong><\/p><p>Els continguts (incloent-hi, per\u00f2 no de manera exclusiva, textos, logos, imatges, dibuixos, disseny web, marques, codi font i programari) del lloc web www.Entel\u00e8kia.cat es troben protegits per la legislaci\u00f3 de propietat industrial i intel\u00b7lectual vigent i qualsevol altra normativa aplicable. L\u2019explotaci\u00f3 leg\u00edtima dels mateixos correspon exclusivament a Entel\u00e8kia o als seus llicenciadors, i queda totalment prohibida la reproducci\u00f3 i\/o distribuci\u00f3 total o parcial de qualsevol tipus de contingut per part de l\u2019usuari i\/o tercers de no existir autoritzaci\u00f3 expressa per part de Entel\u00e8kia facultant o permetent la difusi\u00f3 dels mateixos.<\/p><p>En cap cas l\u2019acc\u00e9s al lloc web www.Entel\u00e8kia.cat implica perm\u00eds, ren\u00fancia, transmissi\u00f3, llic\u00e8ncia o cessi\u00f3 total ni parcial dels drets esmentats per part dels titulars ni cap altre dret d\u2019utilitzaci\u00f3, alteraci\u00f3, explotaci\u00f3, reproducci\u00f3, distribuci\u00f3 o comunicaci\u00f3 p\u00fablica, llevat que Entel\u00e8kia autoritzi de manera expressa el contrari.<\/p><p>Sense perjudici de tot aix\u00f2, si l\u2019usuari o un tercer estima que algun contingut del lloc web www.Entel\u00e8kia.cat pogu\u00e9s vulnerar drets de tercers, preguem aix\u00ed ho posi en el nostre coneixement el m\u00e9s aviat possible, mitjan\u00e7ant el formulari de contacte de aquest lloc web.<\/p><p>\u00a0<\/p><p><strong>COMENTARIS I SUGGERIMENTS<\/strong><\/p><p>Els vostres comentaris i suggeriments seran ben rebuts. Us preguem que ens envieu els vostres comentaris i suggeriments a trav\u00e9s del nostre formulari de contacte.<\/p><p>\u00a0<\/p><p><strong>MODIFICACI\u00d3 DE L&#8217;AV\u00cdS LEGAL<\/strong><\/p><p>El que cont\u00e9 aquest Av\u00eds Legal t\u00e9 una durada indefinida, i podr\u00e0 ser modificat en qualsevol moment en atenci\u00f3 a la normativa vigent en cada moment i als canvis que poguessin sorgir de l\u2019activitat de Entel\u00e8kia.<\/p><p>\u00a0<\/p><p><strong>LEGISLACI\u00d3 I JURISDICCI\u00d3 APLICABLES<\/strong><\/p><p>El que cont\u00e9 aquest Av\u00eds Legal i qualsevol de les pol\u00edtiques de privadesa, cookies o normes sectorials d\u2019aplicaci\u00f3 es regeixen per les lleis espanyoles vigents en cada moment. En cas de disputa o controv\u00e8rsia, les parts se sotmetran a la jurisdicci\u00f3 dels jutjats i tribunals competents. En cas que les parts considerin necessari rec\u00f3rrer a sistemes alternatius de resoluci\u00f3 de controv\u00e8rsies, com l\u2019arbitratge o la mediaci\u00f3, ho hauran de proposar i acceptar expressament i per escrit en el moment en qu\u00e8 sorgeixi la controv\u00e8rsia, i sempre sobre la base del que preveu la normativa d&#8217;aplicaci\u00f3.<\/p>\t\t\t\t\t\t\t\t<\/div>\n\t\t\t\t<\/div>\n\t\t\t\t\t<\/div>\n\t\t<\/div>\n\t\t\t\t\t<\/div>\n\t\t<\/section>\n\t\t\t\t<\/div>","protected":false},"excerpt":{"rendered":"<p>Avis Legal TITULARITAT DEL LLOC WEB www.Entel\u00e8kia.cat \u00e9s un lloc web el nom de domini del qual es troba registrat i \u00e9s propietat de Entel\u00e8kia, S.L (d\u2019ara endavant Entel\u00e8kia) amb domicili a 08003 Barcelona, amb NIF B62324685. A www.Entel\u00e8kia.cat s\u2019informa dels serveis oferts en el disseny web i gesti\u00f3 online de negocis.\u00a0 L\u2019acc\u00e9s a www.Entel\u00e8kia.cat [&hellip;]<\/p>\n","protected":false},"author":1,"featured_media":0,"parent":0,"menu_order":0,"comment_status":"closed","ping_status":"closed","template":"","meta":{"footnotes":""},"class_list":["post-1450","page","type-page","status-publish","hentry"],"yoast_head":"<!-- This site is optimized with the Yoast SEO Premium plugin v22.9 (Yoast SEO v26.9) - https:\/\/yoast.com\/product\/yoast-seo-premium-wordpress\/ -->\n<title>Avis Legal - Entel\u00e8kia<\/title>\n<meta name=\"robots\" content=\"noindex, nofollow\" \/>\n<meta property=\"og:locale\" content=\"es_ES\" \/>\n<meta property=\"og:type\" content=\"article\" \/>\n<meta property=\"og:title\" content=\"Avis Legal\" \/>\n<meta property=\"og:description\" content=\"Avis Legal TITULARITAT DEL LLOC WEB www.Entel\u00e8kia.cat \u00e9s un lloc web el nom de domini del qual es troba registrat i \u00e9s propietat de Entel\u00e8kia, S.L (d\u2019ara endavant Entel\u00e8kia) amb domicili a 08003 Barcelona, amb NIF B62324685. A www.Entel\u00e8kia.cat s\u2019informa dels serveis oferts en el disseny web i gesti\u00f3 online de negocis.\u00a0 L\u2019acc\u00e9s a www.Entel\u00e8kia.cat [&hellip;]\" \/>\n<meta property=\"og:url\" content=\"https:\/\/entelekia.cat\/es\/avis-legal\/\" \/>\n<meta property=\"og:site_name\" content=\"Entel\u00e8kia\" \/>\n<meta property=\"article:modified_time\" content=\"2025-07-03T15:29:05+00:00\" \/>\n<meta name=\"twitter:card\" content=\"summary_large_image\" \/>\n<meta name=\"twitter:site\" content=\"@entelekiacat\" \/>\n<meta name=\"twitter:label1\" content=\"Tiempo de lectura\" \/>\n\t<meta name=\"twitter:data1\" content=\"5 minutos\" \/>\n<script type=\"application\/ld+json\" class=\"yoast-schema-graph\">{\"@context\":\"https:\/\/schema.org\",\"@graph\":[{\"@type\":\"WebPage\",\"@id\":\"https:\/\/entelekia.cat\/avis-legal\/\",\"url\":\"https:\/\/entelekia.cat\/avis-legal\/\",\"name\":\"Avis Legal - Entel\u00e8kia\",\"isPartOf\":{\"@id\":\"https:\/\/entelekia.cat\/#website\"},\"datePublished\":\"2025-07-03T15:20:00+00:00\",\"dateModified\":\"2025-07-03T15:29:05+00:00\",\"breadcrumb\":{\"@id\":\"https:\/\/entelekia.cat\/avis-legal\/#breadcrumb\"},\"inLanguage\":\"es\",\"potentialAction\":[{\"@type\":\"ReadAction\",\"target\":[\"https:\/\/entelekia.cat\/avis-legal\/\"]}]},{\"@type\":\"BreadcrumbList\",\"@id\":\"https:\/\/entelekia.cat\/avis-legal\/#breadcrumb\",\"itemListElement\":[{\"@type\":\"ListItem\",\"position\":1,\"name\":\"Inici\",\"item\":\"https:\/\/entelekia.cat\/\"},{\"@type\":\"ListItem\",\"position\":2,\"name\":\"Avis Legal\"}]},{\"@type\":\"WebSite\",\"@id\":\"https:\/\/entelekia.cat\/#website\",\"url\":\"https:\/\/entelekia.cat\/\",\"name\":\"Entel\u00e8kia\",\"description\":\"Estrat\u00e8gia  Digital\",\"publisher\":{\"@id\":\"https:\/\/entelekia.cat\/#organization\"},\"potentialAction\":[{\"@type\":\"SearchAction\",\"target\":{\"@type\":\"EntryPoint\",\"urlTemplate\":\"https:\/\/entelekia.cat\/?s={search_term_string}\"},\"query-input\":{\"@type\":\"PropertyValueSpecification\",\"valueRequired\":true,\"valueName\":\"search_term_string\"}}],\"inLanguage\":\"es\"},{\"@type\":\"Organization\",\"@id\":\"https:\/\/entelekia.cat\/#organization\",\"name\":\"Entel\u00e8kia\",\"url\":\"https:\/\/entelekia.cat\/\",\"logo\":{\"@type\":\"ImageObject\",\"inLanguage\":\"es\",\"@id\":\"https:\/\/entelekia.cat\/#\/schema\/logo\/image\/\",\"url\":\"https:\/\/entelekia.cat\/wp-content\/uploads\/2024\/02\/Logo_sensesombra.png\",\"contentUrl\":\"https:\/\/entelekia.cat\/wp-content\/uploads\/2024\/02\/Logo_sensesombra.png\",\"width\":828,\"height\":228,\"caption\":\"Entel\u00e8kia\"},\"image\":{\"@id\":\"https:\/\/entelekia.cat\/#\/schema\/logo\/image\/\"},\"sameAs\":[\"https:\/\/x.com\/entelekiacat\",\"https:\/\/www.instagram.com\/entelekia.cat\/\",\"https:\/\/www.linkedin.com\/in\/entelekia\"]}]}<\/script>\n<!-- \/ Yoast SEO Premium plugin. -->","yoast_head_json":{"title":"Avis Legal - Entel\u00e8kia","robots":{"index":"noindex","follow":"nofollow"},"og_locale":"es_ES","og_type":"article","og_title":"Avis Legal","og_description":"Avis Legal TITULARITAT DEL LLOC WEB www.Entel\u00e8kia.cat \u00e9s un lloc web el nom de domini del qual es troba registrat i \u00e9s propietat de Entel\u00e8kia, S.L (d\u2019ara endavant Entel\u00e8kia) amb domicili a 08003 Barcelona, amb NIF B62324685. A www.Entel\u00e8kia.cat s\u2019informa dels serveis oferts en el disseny web i gesti\u00f3 online de negocis.\u00a0 L\u2019acc\u00e9s a www.Entel\u00e8kia.cat [&hellip;]","og_url":"https:\/\/entelekia.cat\/es\/avis-legal\/","og_site_name":"Entel\u00e8kia","article_modified_time":"2025-07-03T15:29:05+00:00","twitter_card":"summary_large_image","twitter_site":"@entelekiacat","twitter_misc":{"Tiempo de lectura":"5 minutos"},"schema":{"@context":"https:\/\/schema.org","@graph":[{"@type":"WebPage","@id":"https:\/\/entelekia.cat\/avis-legal\/","url":"https:\/\/entelekia.cat\/avis-legal\/","name":"Avis Legal - Entel\u00e8kia","isPartOf":{"@id":"https:\/\/entelekia.cat\/#website"},"datePublished":"2025-07-03T15:20:00+00:00","dateModified":"2025-07-03T15:29:05+00:00","breadcrumb":{"@id":"https:\/\/entelekia.cat\/avis-legal\/#breadcrumb"},"inLanguage":"es","potentialAction":[{"@type":"ReadAction","target":["https:\/\/entelekia.cat\/avis-legal\/"]}]},{"@type":"BreadcrumbList","@id":"https:\/\/entelekia.cat\/avis-legal\/#breadcrumb","itemListElement":[{"@type":"ListItem","position":1,"name":"Inici","item":"https:\/\/entelekia.cat\/"},{"@type":"ListItem","position":2,"name":"Avis Legal"}]},{"@type":"WebSite","@id":"https:\/\/entelekia.cat\/#website","url":"https:\/\/entelekia.cat\/","name":"Entel\u00e8kia","description":"Estrat\u00e8gia  Digital","publisher":{"@id":"https:\/\/entelekia.cat\/#organization"},"potentialAction":[{"@type":"SearchAction","target":{"@type":"EntryPoint","urlTemplate":"https:\/\/entelekia.cat\/?s={search_term_string}"},"query-input":{"@type":"PropertyValueSpecification","valueRequired":true,"valueName":"search_term_string"}}],"inLanguage":"es"},{"@type":"Organization","@id":"https:\/\/entelekia.cat\/#organization","name":"Entel\u00e8kia","url":"https:\/\/entelekia.cat\/","logo":{"@type":"ImageObject","inLanguage":"es","@id":"https:\/\/entelekia.cat\/#\/schema\/logo\/image\/","url":"https:\/\/entelekia.cat\/wp-content\/uploads\/2024\/02\/Logo_sensesombra.png","contentUrl":"https:\/\/entelekia.cat\/wp-content\/uploads\/2024\/02\/Logo_sensesombra.png","width":828,"height":228,"caption":"Entel\u00e8kia"},"image":{"@id":"https:\/\/entelekia.cat\/#\/schema\/logo\/image\/"},"sameAs":["https:\/\/x.com\/entelekiacat","https:\/\/www.instagram.com\/entelekia.cat\/","https:\/\/www.linkedin.com\/in\/entelekia"]}]}},"_links":{"self":[{"href":"https:\/\/entelekia.cat\/es\/wp-json\/wp\/v2\/pages\/1450","targetHints":{"allow":["GET"]}}],"collection":[{"href":"https:\/\/entelekia.cat\/es\/wp-json\/wp\/v2\/pages"}],"about":[{"href":"https:\/\/entelekia.cat\/es\/wp-json\/wp\/v2\/types\/page"}],"author":[{"embeddable":true,"href":"https:\/\/entelekia.cat\/es\/wp-json\/wp\/v2\/users\/1"}],"replies":[{"embeddable":true,"href":"https:\/\/entelekia.cat\/es\/wp-json\/wp\/v2\/comments?post=1450"}],"version-history":[{"count":10,"href":"https:\/\/entelekia.cat\/es\/wp-json\/wp\/v2\/pages\/1450\/revisions"}],"predecessor-version":[{"id":1460,"href":"https:\/\/entelekia.cat\/es\/wp-json\/wp\/v2\/pages\/1450\/revisions\/1460"}],"wp:attachment":[{"href":"https:\/\/entelekia.cat\/es\/wp-json\/wp\/v2\/media?parent=1450"}],"curies":[{"name":"wp","href":"https:\/\/api.w.org\/{rel}","templated":true}]}}