{"id":1461,"date":"2025-07-03T15:34:13","date_gmt":"2025-07-03T15:34:13","guid":{"rendered":"https:\/\/entelekia.cat\/?page_id=1461"},"modified":"2025-07-03T15:43:36","modified_gmt":"2025-07-03T15:43:36","slug":"politica-de-privadesa","status":"publish","type":"page","link":"https:\/\/entelekia.cat\/es\/politica-de-privadesa\/","title":{"rendered":"Pol\u00edtica de privadesa"},"content":{"rendered":"<div data-elementor-type=\"wp-page\" data-elementor-id=\"1461\" class=\"elementor elementor-1461\" data-elementor-post-type=\"page\">\n\t\t\t\t\t\t<section class=\"elementor-section elementor-top-section elementor-element elementor-element-e54abf8 elementor-section-boxed elementor-section-height-default elementor-section-height-default\" data-id=\"e54abf8\" data-element_type=\"section\" data-e-type=\"section\" data-settings=\"{&quot;ekit_has_onepagescroll_dot&quot;:&quot;yes&quot;}\">\n\t\t\t\t\t\t<div class=\"elementor-container elementor-column-gap-default\">\n\t\t\t\t\t<div class=\"elementor-column elementor-col-100 elementor-top-column elementor-element elementor-element-d4db695\" data-id=\"d4db695\" data-element_type=\"column\" data-e-type=\"column\">\n\t\t\t<div class=\"elementor-widget-wrap elementor-element-populated\">\n\t\t\t\t\t\t<div class=\"elementor-element elementor-element-c9115dd elementor-invisible elementor-widget elementor-widget-heading\" data-id=\"c9115dd\" data-element_type=\"widget\" data-e-type=\"widget\" data-settings=\"{&quot;_animation&quot;:&quot;rollIn&quot;,&quot;ekit_we_effect_on&quot;:&quot;none&quot;}\" data-widget_type=\"heading.default\">\n\t\t\t\t<div class=\"elementor-widget-container\">\n\t\t\t\t\t<h1 class=\"elementor-heading-title elementor-size-default\">Pol\u00edtica de privadesa<\/h1>\t\t\t\t<\/div>\n\t\t\t\t<\/div>\n\t\t\t\t\t<\/div>\n\t\t<\/div>\n\t\t\t\t\t<\/div>\n\t\t<\/section>\n\t\t\t\t<section class=\"elementor-section elementor-top-section elementor-element elementor-element-c2eefb5 elementor-section-boxed elementor-section-height-default elementor-section-height-default\" data-id=\"c2eefb5\" data-element_type=\"section\" data-e-type=\"section\" data-settings=\"{&quot;ekit_has_onepagescroll_dot&quot;:&quot;yes&quot;}\">\n\t\t\t\t\t\t<div class=\"elementor-container elementor-column-gap-default\">\n\t\t\t\t\t<div class=\"elementor-column elementor-col-100 elementor-top-column elementor-element elementor-element-1ddbfe2\" data-id=\"1ddbfe2\" data-element_type=\"column\" data-e-type=\"column\">\n\t\t\t<div class=\"elementor-widget-wrap elementor-element-populated\">\n\t\t\t\t\t\t<div class=\"elementor-element elementor-element-0f966dc elementor-widget elementor-widget-text-editor\" data-id=\"0f966dc\" data-element_type=\"widget\" data-e-type=\"widget\" data-settings=\"{&quot;ekit_we_effect_on&quot;:&quot;none&quot;}\" data-widget_type=\"text-editor.default\">\n\t\t\t\t<div class=\"elementor-widget-container\">\n\t\t\t\t\t\t\t\t\t<p>Aquesta Pol\u00edtica de Privadesa descriu com <strong>ENTEL\u00c8KIA S.L.<\/strong> (titular del lloc web), en endavant \u201c<strong>Entel\u00e8kia<\/strong>\u201d recull, processa i utilitza la informaci\u00f3 personal dels seus clients i usuaris, sempre emparant-nos en el nostre comprom\u00eds amb la privadesa i la seguretat de la informaci\u00f3 de les dades, essent recollides exclusivament per a fins determinats, expl\u00edcits i leg\u00edtims, no podent ser tractats de manera incompatible amb aquests fins i en estricte compliment de la normativa aplicable en mat\u00e8ria de protecci\u00f3 de dades personals, en particular, el Reglament General de Protecci\u00f3 de Dades (UE) 679\/2016 (en endavant, RGPD) i la Llei Org\u00e0nica 3\/2018 de Protecci\u00f3 de Dades Personals i Garantia dels Drets Digitals (d&#8217;ara endavant LOPDGDD).<\/p><p>La Pol\u00edtica de Privadesa ser\u00e0 actualitzada peri\u00f2dicament amb l&#8217;objectiu d&#8217;aclarir o reflectir les noves pr\u00e0ctiques en la gesti\u00f3 de la privadesa dels nostres usuaris o les modificacions legislatives, jurisprudencials o d&#8217;interpretaci\u00f3 de l&#8217;Ag\u00e8ncia Espanyola de Protecci\u00f3 de Dades o altres Autoritats de Control que puguin produir-se i que s&#8217;haguessin d&#8217;aplicar i ser\u00e0 accessible en tot moment per consultar-lo des del lloc web www.entelekia.cat.<\/p><p><strong>IDENTIFICACI\u00d3 DEL RESPONSABLE DEL TRACTAMENT:<\/strong><br \/>L&#8217;entitat responsables del tractament de les vostres dades s\u00f3n:<\/p><p>ENTEL\u00c8KIA S.L.<br \/>B62324685<br \/>08003 Barcelona<br \/>hola@entelekia.cat<\/p><p><strong>MITJANS A TRAV\u00c9S DELS QUALS TRACTEN LES VOSTRES DADES PER VIA ELECTR\u00d2NICA<br \/><\/strong>Tractem dades personals en els sup\u00f2sits seg\u00fcents:<\/p><ul><li>Visites al nostre lloc web<\/li><li>Interacci\u00f3, connexi\u00f3 o enlla\u00e7os amb el nostre lloc web a trav\u00e9s d&#8217;eines de xarxes socials, blocs o altres llocs web<\/li><li>\u00das del formulari de contacte<br \/><br \/><\/li><\/ul><p><strong>AMB QUINES FINALITATS TRACTEN AQUESTES DADES<br \/><\/strong>Des de Entel\u00e8kia tractem les vostres dades personals respectant els principis recollits en la normativa aplicable i en particular el RGPD i la LOPDGDD. Les dades personals no s&#8217;utilitzaran per a finalitats diferents de les exposades a continuaci\u00f3:<\/p><p><strong>DADES DE CLIENTS<\/strong><br \/>Les dades dels nostres clients seran tractades amb la finalitat de prestar els serveis contractats, aix\u00ed com per fer la gesti\u00f3 de facturaci\u00f3 fiscal, comptable i administrativa de la relaci\u00f3 contractual que legitima el tractament de les dades.<\/p><p>Tamb\u00e9 podrem tractar les dades dels nostres clients sobre la base del nostre inter\u00e8s leg\u00edtim a fer-los arribar novetats o informacions relacionades amb la nostra activitat, serveis i esdeveniments a trav\u00e9s de la nostra newsletter.<\/p><p><strong>DADES D&#8217;USUARIS WEB:<br \/><\/strong>Les dades de navegaci\u00f3 d&#8217;usuaris del lloc web seran tractades \u00fanicament amb finalitats estad\u00edstiques i d&#8217;an\u00e0lisi, de conformitat amb all\u00f2 que disposa la nostra Pol\u00edtica de Cookies; aix\u00ed com per facilitar informaci\u00f3 sobre la nostra activitat empresarial i, si escau, per atendre les vostres consultes i suggeriments.<\/p><p>Pel que fa a aix\u00f2, podrem tractar dades com ara IP d&#8217;acc\u00e9s a la xarxa de telecomunicacions, dades de municipi d&#8217;acc\u00e9s al lloc web, Sistema Operatiu i navegador utilitzats per l&#8217;usuari, p\u00e0gines visitades i temps de connexi\u00f3.<\/p><p>Dades recollides a trav\u00e9s dels formularis de contacte:<br \/>Tamb\u00e9 podrem (veure &#8216;Identificaci\u00f3 del Responsable del Tractament&#8217;, al principi), tractar dades personals si els interessats ens remeten documentaci\u00f3, consultes, queixes o suggeriments a trav\u00e9s dels formularis de contacte habilitats a aquest efecte al nostre lloc web, amb l&#8217;\u00fanica finalitat de donar resposta a la sol\u00b7licitud de les mateixes.<\/p><p>En cap cas tractarem dades, ni incorporarem la informaci\u00f3 personal amb finalitats diferents de les estipulades, ni enviarem comunicacions comercials per via electr\u00f2nica sense autoritzaci\u00f3 pr\u00e8via per part del titular de les dades i\/o la deguda base legal.<\/p><p>Les dades obligat\u00f2ries de cada formulari seran identificades com a tals. En cas d&#8217;abs\u00e8ncia o incorrecci\u00f3, Entel\u00e8kia no podr\u00e0 identificar-lo correctament i, en conseq\u00fc\u00e8ncia, es suprimir\u00e0 el registre de la consulta.<\/p><p><strong>DADES DE CORREUS ELECTR\u00d2NICS REBUDES<br \/><\/strong>Tamb\u00e9 tractarem dades personals si els interessats remeten documentaci\u00f3, consultes, queixes o suggeriments per correu electr\u00f2nic. En aquest cas, les dades seran tractades amb l&#8217;\u00fanica finalitat de donar resposta a la comunicaci\u00f3 rebuda.<\/p><p>En cap cas tractarem dades, ni incorporarem la informaci\u00f3 personal amb finalitats diferents de les estipulades, ni enviarem comunicacions comercials per via electr\u00f2nica sense autoritzaci\u00f3 pr\u00e8via per part del titular de les dades i\/o la deguda base legal.<\/p><p><strong>A QUI COMUNIQUEM LES VOSTRES DADES<\/strong><br \/>Entel\u00e8kia (veure \u2018Responsables del Tractament al principi) garanteix la confidencialitat de les dades de car\u00e0cter personal, no comunicant-les a tercers sense la pr\u00e8via autoritzaci\u00f3 del titular dels mateixos i\/o la corresponent base legal de legitimaci\u00f3. \u00c9s per aix\u00f2 que, en virtut de les diferents necessitats de Entel\u00e8kia, podrem comunicar les vostres dades als destinataris seg\u00fcents:<\/p><p><strong>EMPRESES CLIENT<br \/><\/strong>Entel\u00e8kia podr\u00e0 comunicar les dades dels empleats de les empreses client a les quals Entel\u00e8kia presta els seus serveis \u00fanicament d&#8217;acord amb all\u00f2 establert per la normativa vigent en mat\u00e8ria laboral, de prevenci\u00f3 de riscos laborals, de la Seguretat Social, de protecci\u00f3 de dades i, si escau, per altres obligacions legals o vinculades a decisions de Jutjats i Tribunals.<\/p><p><strong>PROVE\u00cfDORS DE SERVEIS<br \/><\/strong>Entel\u00e8kia podr\u00e0 subcontractar diferents serveis amb prove\u00efdors externs que tindran acc\u00e9s a dades de car\u00e0cter personal que poden ser, a t\u00edtol merament enunciatiu i sense car\u00e0cter limitatiu: empreses directament vinculades, distribu\u00efdors, advocats i procuradors, auditors, consultors, entitats financeres, prove\u00efdors de serveis cloud o al n\u00favol i als seus servidors inform\u00e0tics, i altres prove\u00efdors i professionals.<\/p><p>Els prove\u00efdors sempre tractaran les dades personals com a encarregades del tractament en nom i per compte de Entel\u00e8kia. En aquest cas, els prove\u00efdors tenen subscrits acords de tractament de dades de car\u00e0cter personal limitant-ne el tractament a les finalitats del servei prestat; i sempre sota les mesures de seguretat que estableix la normativa vigent.<\/p><p><strong>ADMINISTRACI\u00d3 P\u00daBLICA I AUTORITAT<br \/><\/strong>Podrem revelar les vostres dades i qualsevol altra informaci\u00f3 que estigui al nostre poder o que sigui accessible a trav\u00e9s dels nostres sistemes i sigui requerida de conformitat amb les disposicions legals i reglament\u00e0ries aplicables al cas a l&#8217;Administraci\u00f3 p\u00fablica amb compet\u00e8ncia en la mat\u00e8ria, aix\u00ed com a les autoritats p\u00fabliques competents. Tot aix\u00f2 per habilitaci\u00f3 legal i amb l&#8217;\u00fanica finalitat de complir amb les nostres obligacions i prevenir abusos dels serveis o activitats fraudulentes als serveis prestats a trav\u00e9s del nostre lloc web.<\/p><p><strong>EXERCICI DE DRETS<\/strong><br \/>Si voleu exercitar els vostres drets d&#8217;acc\u00e9s, rectificaci\u00f3, supressi\u00f3 i oposici\u00f3, aix\u00ed com el dret a la portabilitat ia la limitaci\u00f3 del tractament i, si escau, revocar el vostre consentiment en aquells casos en qu\u00e8 aquest sigui la base jur\u00eddica de legitimaci\u00f3, hola@entelekia.cat<\/p><p><strong>TUTELA DE DRETS DAVANT DE L&#8217;AUTORITAT DE CONTROL\u00a0<\/strong><br \/>En qualsevol sup\u00f2sit de vulneraci\u00f3 dels vostres drets en mat\u00e8ria de protecci\u00f3 de dades, podeu adre\u00e7ar-vos a l&#8217;Ag\u00e8ncia Espanyola de Protecci\u00f3 de Dades (www.aepd.es).<\/p><p><strong>CONSERVACI\u00d3 DE LES DADES<\/strong><br \/>Les dades referides als nostres clients i usuaris (incloent-hi, si escau, enregistraments telef\u00f2nics), es conservaran pel temps necessari per atendre la finalitat per a la qual haguessin estat recollides ia les obligacions legals derivades de la mateixa.<\/p><p>Les dades referents a les consultes formulades pels usuaris a trav\u00e9s dels formularis web i\/o correu electr\u00f2nic; llevat de legitimaci\u00f3 en contra, per un temps m\u00e0xim d&#8217;un any des de la data en qu\u00e8 van ser recollits.<\/p><p>Les dades recollides a trav\u00e9s de galetes, plug-in de xarxes socials i dades de navegaci\u00f3 d&#8217;usuaris web, tindran un per\u00edode de conservaci\u00f3 m\u00e0xim d&#8217;un any des de la recollida.<\/p><p><strong>CONTACTE AMB EL NOSTRE DPD<\/strong>:<br \/>Podeu adre\u00e7ar-vos al nostre Delegat de Protecci\u00f3 de Dades (DPD) enviant un correu electr\u00f2nic a: hola@entelekia.cat.<\/p><p><strong>MESURES DE SEGURETAT<\/strong><br \/>Entel\u00e8kia ha implantat les mesures de seguretat necess\u00e0ries per garantir un \u00fas i tractament efica\u00e7 de les dades de car\u00e0cter personal facilitades per l&#8217;usuari, salvaguardant-ne la intimitat, privadesa, confidencialitat i integritat, complint amb els requisits normatius previstos per la normativa aplicable i fent \u00fas dels mitjans t\u00e8cnics necessaris per evitar l&#8217;alteraci\u00f3, la p\u00e8rdua, l&#8217;acc\u00e9s no autoritzat o el tractament de les vostres dades, segons l&#8217;estat de la tecnologia en cada moment, aix\u00ed com l&#8217;abast de control de Entel\u00e8kia.<\/p><p><strong>NORMATIVA RELACIONADA<\/strong><br \/>Si voleu obtenir m\u00e9s informaci\u00f3 sobre la normativa que us assisteix, protegeix i fixa els vostres drets, posem a la vostra disposici\u00f3 les lleis que han inspirat aquesta pol\u00edtica i s\u00f3n rellevants per a vost\u00e8:<\/p><p>Reglament General de Protecci\u00f3 de Dades UE 2016\/679<br \/>Llei Org\u00e0nica 3\/2018 de Protecci\u00f3 de Dades Personals i Garantia dels Drets Digitals<br \/>Llei 34\/2002, de 11 de juliol, de serveis de la societat de la informaci\u00f3 i de comer\u00e7 electr\u00f2nic<\/p>\t\t\t\t\t\t\t\t<\/div>\n\t\t\t\t<\/div>\n\t\t\t\t\t<\/div>\n\t\t<\/div>\n\t\t\t\t\t<\/div>\n\t\t<\/section>\n\t\t\t\t<\/div>","protected":false},"excerpt":{"rendered":"<p>Pol\u00edtica de privadesa Aquesta Pol\u00edtica de Privadesa descriu com ENTEL\u00c8KIA S.L. (titular del lloc web), en endavant \u201cEntel\u00e8kia\u201d recull, processa i utilitza la informaci\u00f3 personal dels seus clients i usuaris, sempre emparant-nos en el nostre comprom\u00eds amb la privadesa i la seguretat de la informaci\u00f3 de les dades, essent recollides exclusivament per a fins determinats, [&hellip;]<\/p>\n","protected":false},"author":1,"featured_media":0,"parent":0,"menu_order":0,"comment_status":"closed","ping_status":"closed","template":"","meta":{"footnotes":""},"class_list":["post-1461","page","type-page","status-publish","hentry"],"yoast_head":"<!-- This site is optimized with the Yoast SEO Premium plugin v22.9 (Yoast SEO v26.9) - https:\/\/yoast.com\/product\/yoast-seo-premium-wordpress\/ -->\n<title>Pol\u00edtica de privadesa - Entel\u00e8kia<\/title>\n<meta name=\"robots\" content=\"noindex, nofollow\" \/>\n<meta property=\"og:locale\" content=\"es_ES\" \/>\n<meta property=\"og:type\" content=\"article\" \/>\n<meta property=\"og:title\" content=\"Pol\u00edtica de privadesa\" \/>\n<meta property=\"og:description\" content=\"Pol\u00edtica de privadesa Aquesta Pol\u00edtica de Privadesa descriu com ENTEL\u00c8KIA S.L. (titular del lloc web), en endavant \u201cEntel\u00e8kia\u201d recull, processa i utilitza la informaci\u00f3 personal dels seus clients i usuaris, sempre emparant-nos en el nostre comprom\u00eds amb la privadesa i la seguretat de la informaci\u00f3 de les dades, essent recollides exclusivament per a fins determinats, [&hellip;]\" \/>\n<meta property=\"og:url\" content=\"https:\/\/entelekia.cat\/es\/politica-de-privadesa\/\" \/>\n<meta property=\"og:site_name\" content=\"Entel\u00e8kia\" \/>\n<meta property=\"article:modified_time\" content=\"2025-07-03T15:43:36+00:00\" \/>\n<meta name=\"twitter:card\" content=\"summary_large_image\" \/>\n<meta name=\"twitter:site\" content=\"@entelekiacat\" \/>\n<meta name=\"twitter:label1\" content=\"Tiempo de lectura\" \/>\n\t<meta name=\"twitter:data1\" content=\"8 minutos\" \/>\n<script type=\"application\/ld+json\" class=\"yoast-schema-graph\">{\"@context\":\"https:\/\/schema.org\",\"@graph\":[{\"@type\":\"WebPage\",\"@id\":\"https:\/\/entelekia.cat\/politica-de-privadesa\/\",\"url\":\"https:\/\/entelekia.cat\/politica-de-privadesa\/\",\"name\":\"Pol\u00edtica de privadesa - Entel\u00e8kia\",\"isPartOf\":{\"@id\":\"https:\/\/entelekia.cat\/#website\"},\"datePublished\":\"2025-07-03T15:34:13+00:00\",\"dateModified\":\"2025-07-03T15:43:36+00:00\",\"breadcrumb\":{\"@id\":\"https:\/\/entelekia.cat\/politica-de-privadesa\/#breadcrumb\"},\"inLanguage\":\"es\",\"potentialAction\":[{\"@type\":\"ReadAction\",\"target\":[\"https:\/\/entelekia.cat\/politica-de-privadesa\/\"]}]},{\"@type\":\"BreadcrumbList\",\"@id\":\"https:\/\/entelekia.cat\/politica-de-privadesa\/#breadcrumb\",\"itemListElement\":[{\"@type\":\"ListItem\",\"position\":1,\"name\":\"Inici\",\"item\":\"https:\/\/entelekia.cat\/\"},{\"@type\":\"ListItem\",\"position\":2,\"name\":\"Pol\u00edtica de privadesa\"}]},{\"@type\":\"WebSite\",\"@id\":\"https:\/\/entelekia.cat\/#website\",\"url\":\"https:\/\/entelekia.cat\/\",\"name\":\"Entel\u00e8kia\",\"description\":\"Estrat\u00e8gia  Digital\",\"publisher\":{\"@id\":\"https:\/\/entelekia.cat\/#organization\"},\"potentialAction\":[{\"@type\":\"SearchAction\",\"target\":{\"@type\":\"EntryPoint\",\"urlTemplate\":\"https:\/\/entelekia.cat\/?s={search_term_string}\"},\"query-input\":{\"@type\":\"PropertyValueSpecification\",\"valueRequired\":true,\"valueName\":\"search_term_string\"}}],\"inLanguage\":\"es\"},{\"@type\":\"Organization\",\"@id\":\"https:\/\/entelekia.cat\/#organization\",\"name\":\"Entel\u00e8kia\",\"url\":\"https:\/\/entelekia.cat\/\",\"logo\":{\"@type\":\"ImageObject\",\"inLanguage\":\"es\",\"@id\":\"https:\/\/entelekia.cat\/#\/schema\/logo\/image\/\",\"url\":\"https:\/\/entelekia.cat\/wp-content\/uploads\/2024\/02\/Logo_sensesombra.png\",\"contentUrl\":\"https:\/\/entelekia.cat\/wp-content\/uploads\/2024\/02\/Logo_sensesombra.png\",\"width\":828,\"height\":228,\"caption\":\"Entel\u00e8kia\"},\"image\":{\"@id\":\"https:\/\/entelekia.cat\/#\/schema\/logo\/image\/\"},\"sameAs\":[\"https:\/\/x.com\/entelekiacat\",\"https:\/\/www.instagram.com\/entelekia.cat\/\",\"https:\/\/www.linkedin.com\/in\/entelekia\"]}]}<\/script>\n<!-- \/ Yoast SEO Premium plugin. -->","yoast_head_json":{"title":"Pol\u00edtica de privadesa - Entel\u00e8kia","robots":{"index":"noindex","follow":"nofollow"},"og_locale":"es_ES","og_type":"article","og_title":"Pol\u00edtica de privadesa","og_description":"Pol\u00edtica de privadesa Aquesta Pol\u00edtica de Privadesa descriu com ENTEL\u00c8KIA S.L. (titular del lloc web), en endavant \u201cEntel\u00e8kia\u201d recull, processa i utilitza la informaci\u00f3 personal dels seus clients i usuaris, sempre emparant-nos en el nostre comprom\u00eds amb la privadesa i la seguretat de la informaci\u00f3 de les dades, essent recollides exclusivament per a fins determinats, [&hellip;]","og_url":"https:\/\/entelekia.cat\/es\/politica-de-privadesa\/","og_site_name":"Entel\u00e8kia","article_modified_time":"2025-07-03T15:43:36+00:00","twitter_card":"summary_large_image","twitter_site":"@entelekiacat","twitter_misc":{"Tiempo de lectura":"8 minutos"},"schema":{"@context":"https:\/\/schema.org","@graph":[{"@type":"WebPage","@id":"https:\/\/entelekia.cat\/politica-de-privadesa\/","url":"https:\/\/entelekia.cat\/politica-de-privadesa\/","name":"Pol\u00edtica de privadesa - Entel\u00e8kia","isPartOf":{"@id":"https:\/\/entelekia.cat\/#website"},"datePublished":"2025-07-03T15:34:13+00:00","dateModified":"2025-07-03T15:43:36+00:00","breadcrumb":{"@id":"https:\/\/entelekia.cat\/politica-de-privadesa\/#breadcrumb"},"inLanguage":"es","potentialAction":[{"@type":"ReadAction","target":["https:\/\/entelekia.cat\/politica-de-privadesa\/"]}]},{"@type":"BreadcrumbList","@id":"https:\/\/entelekia.cat\/politica-de-privadesa\/#breadcrumb","itemListElement":[{"@type":"ListItem","position":1,"name":"Inici","item":"https:\/\/entelekia.cat\/"},{"@type":"ListItem","position":2,"name":"Pol\u00edtica de privadesa"}]},{"@type":"WebSite","@id":"https:\/\/entelekia.cat\/#website","url":"https:\/\/entelekia.cat\/","name":"Entel\u00e8kia","description":"Estrat\u00e8gia  Digital","publisher":{"@id":"https:\/\/entelekia.cat\/#organization"},"potentialAction":[{"@type":"SearchAction","target":{"@type":"EntryPoint","urlTemplate":"https:\/\/entelekia.cat\/?s={search_term_string}"},"query-input":{"@type":"PropertyValueSpecification","valueRequired":true,"valueName":"search_term_string"}}],"inLanguage":"es"},{"@type":"Organization","@id":"https:\/\/entelekia.cat\/#organization","name":"Entel\u00e8kia","url":"https:\/\/entelekia.cat\/","logo":{"@type":"ImageObject","inLanguage":"es","@id":"https:\/\/entelekia.cat\/#\/schema\/logo\/image\/","url":"https:\/\/entelekia.cat\/wp-content\/uploads\/2024\/02\/Logo_sensesombra.png","contentUrl":"https:\/\/entelekia.cat\/wp-content\/uploads\/2024\/02\/Logo_sensesombra.png","width":828,"height":228,"caption":"Entel\u00e8kia"},"image":{"@id":"https:\/\/entelekia.cat\/#\/schema\/logo\/image\/"},"sameAs":["https:\/\/x.com\/entelekiacat","https:\/\/www.instagram.com\/entelekia.cat\/","https:\/\/www.linkedin.com\/in\/entelekia"]}]}},"_links":{"self":[{"href":"https:\/\/entelekia.cat\/es\/wp-json\/wp\/v2\/pages\/1461","targetHints":{"allow":["GET"]}}],"collection":[{"href":"https:\/\/entelekia.cat\/es\/wp-json\/wp\/v2\/pages"}],"about":[{"href":"https:\/\/entelekia.cat\/es\/wp-json\/wp\/v2\/types\/page"}],"author":[{"embeddable":true,"href":"https:\/\/entelekia.cat\/es\/wp-json\/wp\/v2\/users\/1"}],"replies":[{"embeddable":true,"href":"https:\/\/entelekia.cat\/es\/wp-json\/wp\/v2\/comments?post=1461"}],"version-history":[{"count":9,"href":"https:\/\/entelekia.cat\/es\/wp-json\/wp\/v2\/pages\/1461\/revisions"}],"predecessor-version":[{"id":1470,"href":"https:\/\/entelekia.cat\/es\/wp-json\/wp\/v2\/pages\/1461\/revisions\/1470"}],"wp:attachment":[{"href":"https:\/\/entelekia.cat\/es\/wp-json\/wp\/v2\/media?parent=1461"}],"curies":[{"name":"wp","href":"https:\/\/api.w.org\/{rel}","templated":true}]}}